{"id":3672,"date":"2025-11-11T17:37:48","date_gmt":"2025-11-11T17:37:48","guid":{"rendered":"https:\/\/aquileingiro.net\/?page_id=3672"},"modified":"2026-02-02T13:19:57","modified_gmt":"2026-02-02T13:19:57","slug":"blog","status":"publish","type":"page","link":"https:\/\/aquileingiro.net\/?page_id=3672","title":{"rendered":"Blog &#8211; Quattro parole su due ruote ,prima o dopo un giro con la Guzzina"},"content":{"rendered":"\n<div class=\"wp-block-query is-layout-flow wp-block-query-is-layout-flow\">\n<div class=\"wp-block-columns is-layout-flex wp-container-core-columns-is-layout-28f84493 wp-block-columns-is-layout-flex\">\n<div class=\"wp-block-column is-layout-flow wp-block-column-is-layout-flow\" style=\"flex-basis:100%\"><nav class=\"wp-block-query-pagination is-layout-flex wp-block-query-pagination-is-layout-flex advgb-dyn-6d93d321\" aria-label=\"Paginazione\">\n\n\n<div class=\"wp-block-query-pagination-numbers\"><span aria-current=\"page\" class=\"page-numbers current\">1<\/span>\n<a class=\"page-numbers\" href=\"?query-11-page=2&#038;rest_route=%2Fwp%2Fv2%2Fpages%2F3672\">2<\/a>\n<a class=\"page-numbers\" href=\"?query-11-page=3&#038;rest_route=%2Fwp%2Fv2%2Fpages%2F3672\">3<\/a>\n<a class=\"page-numbers\" href=\"?query-11-page=4&#038;rest_route=%2Fwp%2Fv2%2Fpages%2F3672\">4<\/a><\/div>\n\n<a href=\"\/index.php?rest_route=%2Fwp%2Fv2%2Fpages%2F3672&#038;query-11-page=2\" class=\"wp-block-query-pagination-next\">Pagina successiva<span class='wp-block-query-pagination-next-arrow is-arrow-arrow' aria-hidden='true'>\u2192<\/span><\/a>\n<\/nav>\n\n<ul style=\"padding-top:0;padding-bottom:0;padding-left:0;\" class=\"columns-3 wp-block-post-template is-layout-grid wp-container-core-post-template-is-layout-a268a45b wp-block-post-template-is-layout-grid\"><li class=\"wp-block-post post-5588 post type-post status-publish format-standard has-post-thumbnail hentry category-blog tag-comunita-motociclisti tag-cultura-motociclistica tag-filosofia-moto tag-passione-moto tag-saluto-motociclistico tag-vero-motociclista\">\n\n<div class=\"wp-block-group has-global-padding is-layout-constrained wp-container-core-group-is-layout-e5c0cd5e wp-block-group-is-layout-constrained advgb-dyn-a6322049 advgb-dyn-e1c06d85\" style=\"padding-top:30px;padding-right:30px;padding-bottom:30px;padding-left:30px\"><h2 class=\"wp-block-post-title\"><a href=\"https:\/\/aquileingiro.net\/?p=5588\" target=\"_self\" >Il saluto motociclistico: chi \u00e8 davvero un \u201cvero\u201d motociclista?<\/a><\/h2>\n\n<div class=\"wp-block-post-excerpt\"><p class=\"wp-block-post-excerpt__excerpt\">Il saluto motociclistico: rito, leggenda e l&#8217;identit\u00e0 del &#8220;vero&#8221; centauro Il saluto motociclistico \u00e8 uno dei gesti pi\u00f9 semplici e, allo stesso tempo, pi\u00f9 carichi di significato che esistano nel [&hellip;] <\/p><\/div>\n\n<figure class=\"wp-block-post-featured-image\"><img loading=\"lazy\" decoding=\"async\" width=\"1376\" height=\"768\" src=\"https:\/\/aquileingiro.net\/wp-content\/uploads\/2026\/04\/multimoto.png\" class=\"attachment-post-thumbnail size-post-thumbnail wp-post-image\" alt=\"Vignetta umoristica in stile Jacovitti composta da 6 riquadri che illustrano diverse tipologie di motociclisti: il viaggiatore estremo sulla neve, il pilota velocista, l&#039;amante dell&#039;offroad nel fango, il pendolare nel traffico, il turista su custom e il saluto finale con le due dita tra motociclisti normali. Ricca di dettagli assurdi come salami volanti, pesci e lumache col casco\" style=\"object-fit:cover;\" srcset=\"https:\/\/aquileingiro.net\/wp-content\/uploads\/2026\/04\/multimoto.png 1376w, https:\/\/aquileingiro.net\/wp-content\/uploads\/2026\/04\/multimoto-300x167.png 300w, https:\/\/aquileingiro.net\/wp-content\/uploads\/2026\/04\/multimoto-1024x572.png 1024w, https:\/\/aquileingiro.net\/wp-content\/uploads\/2026\/04\/multimoto-768x429.png 768w\" sizes=\"auto, (max-width: 1376px) 100vw, 1376px\" \/><\/figure><\/div>\n\n<\/li><li class=\"wp-block-post post-5278 post type-post status-publish format-standard has-post-thumbnail hentry category-blog tag-donne-in-moto tag-emancipazione-e-moto tag-moto-da-donne\">\n\n<div class=\"wp-block-group has-global-padding is-layout-constrained wp-container-core-group-is-layout-e5c0cd5e wp-block-group-is-layout-constrained advgb-dyn-a6322049 advgb-dyn-e1c06d85\" style=\"padding-top:30px;padding-right:30px;padding-bottom:30px;padding-left:30px\"><h2 class=\"wp-block-post-title\"><a href=\"https:\/\/aquileingiro.net\/?p=5278\" target=\"_self\" >Donne in Moto e Social: Il Paradosso dei Like tra Emancipazione e Autoghettizzazione<\/a><\/h2>\n\n<div class=\"wp-block-post-excerpt\"><p class=\"wp-block-post-excerpt__excerpt\">Donne in Moto e Social: Basta una foto in moto. Accompagnata da una frase qualsiasi. Anche la pi\u00f9 innocua, la pi\u00f9 vuota, la pi\u00f9 intercambiabile: \u201cVivi ogni giorno al massimo.\u201d\u201cSegui [&hellip;] <\/p><\/div>\n\n<figure class=\"wp-block-post-featured-image\"><img loading=\"lazy\" decoding=\"async\" width=\"1200\" height=\"630\" src=\"https:\/\/aquileingiro.net\/wp-content\/uploads\/2026\/02\/girlpower-1.png\" class=\"attachment-post-thumbnail size-post-thumbnail wp-post-image\" alt=\"Illustrazione satirica sul tema &quot;Donne e Moto nei Social&quot;. L&#039;immagine ritrae il contrasto tra l&#039;apparire online di una biker e la reazione eccessiva e stereotipata del pubblico maschile (i cosiddetti &quot;follower fedeli&quot;), con il titolo provocatorio &quot;Girl Power?&quot;.\" style=\"object-fit:cover;\" srcset=\"https:\/\/aquileingiro.net\/wp-content\/uploads\/2026\/02\/girlpower-1.png 1200w, https:\/\/aquileingiro.net\/wp-content\/uploads\/2026\/02\/girlpower-1-300x158.png 300w, https:\/\/aquileingiro.net\/wp-content\/uploads\/2026\/02\/girlpower-1-1024x538.png 1024w, https:\/\/aquileingiro.net\/wp-content\/uploads\/2026\/02\/girlpower-1-768x403.png 768w\" sizes=\"auto, (max-width: 1200px) 100vw, 1200px\" \/><\/figure><\/div>\n\n<\/li><li class=\"wp-block-post post-5254 post type-post status-publish format-standard has-post-thumbnail hentry category-blog tag-apparire-e-non-viaggiare tag-bastoncino-sulla-moto tag-drone-per-la-moto tag-esporre-un-viaggio tag-iperconnessi tag-mancanza-di-ego tag-riprese-di-altri-motociclisti tag-schermo-tft tag-telecamera tag-viaggiare-senza-fronzoli tag-viaggiatori-di-sostanza\">\n\n<div class=\"wp-block-group has-global-padding is-layout-constrained wp-container-core-group-is-layout-e5c0cd5e wp-block-group-is-layout-constrained advgb-dyn-a6322049 advgb-dyn-e1c06d85\" style=\"padding-top:30px;padding-right:30px;padding-bottom:30px;padding-left:30px\"><h2 class=\"wp-block-post-title\"><a href=\"https:\/\/aquileingiro.net\/?p=5254\" target=\"_self\" >Motociclismo autentico vs tecnologia estrema<\/a><\/h2>\n\n<div class=\"wp-block-post-excerpt\"><p class=\"wp-block-post-excerpt__excerpt\">Ora il titoletto Motociclismo autentico vs tecnologia estrema \u00e8 un po&#8217; forte. Forse.Con questo &#8220;pensierone&#8221; voglio toccare due temi che mi stanno solleticando non poco negli ultimi tempi. Siamo sicuri [&hellip;] <\/p><\/div>\n\n<figure class=\"wp-block-post-featured-image\"><img loading=\"lazy\" decoding=\"async\" width=\"1200\" height=\"630\" src=\"https:\/\/aquileingiro.net\/wp-content\/uploads\/2026\/02\/Motociclismo-autentico-vs-tecnologia-estrema.png\" class=\"attachment-post-thumbnail size-post-thumbnail wp-post-image\" alt=\"Vignetta satirica in stile fumetto: un motociclista d\u2019epoca guida tranquillo su una strada di montagna sotto un cielo azzurro. Dietro di lui, un motociclista futuristico con casco pieno di antenne e grande display digitale proietta un raggio laser blu a forma di piramide che mostra lo scheletro del pilota davanti. Accanto al raggio compaiono scritte digitali \u2018PIEGA: 0 gradi\u2019, \u2018EGO: ASSENTE\u2019, \u2018EMOZIONE: NON RILEVATA\u2019, mentre un drone collegato vola sopra il motociclista tecnologico\" style=\"object-fit:cover;\" srcset=\"https:\/\/aquileingiro.net\/wp-content\/uploads\/2026\/02\/Motociclismo-autentico-vs-tecnologia-estrema.png 1200w, https:\/\/aquileingiro.net\/wp-content\/uploads\/2026\/02\/Motociclismo-autentico-vs-tecnologia-estrema-300x158.png 300w, https:\/\/aquileingiro.net\/wp-content\/uploads\/2026\/02\/Motociclismo-autentico-vs-tecnologia-estrema-1024x538.png 1024w, https:\/\/aquileingiro.net\/wp-content\/uploads\/2026\/02\/Motociclismo-autentico-vs-tecnologia-estrema-768x403.png 768w\" sizes=\"auto, (max-width: 1200px) 100vw, 1200px\" \/><\/figure><\/div>\n\n<\/li><li class=\"wp-block-post post-5240 post type-post status-publish format-standard has-post-thumbnail hentry category-blog tag-cerchi-rovinati-dalla-pulizia tag-cico-verniciatura tag-cosa-non-fare-quando-si-pulisce-una-moto tag-marmitte-rovinate tag-prodotti-puliza-moto\">\n\n<div class=\"wp-block-group has-global-padding is-layout-constrained wp-container-core-group-is-layout-e5c0cd5e wp-block-group-is-layout-constrained advgb-dyn-a6322049 advgb-dyn-e1c06d85\" style=\"padding-top:30px;padding-right:30px;padding-bottom:30px;padding-left:30px\"><h2 class=\"wp-block-post-title\"><a href=\"https:\/\/aquileingiro.net\/?p=5240\" target=\"_self\" >Ma voi alle moto che gli fate? L&#8217;ironia Guzzista.<\/a><\/h2>\n\n<div class=\"wp-block-post-excerpt\"><p class=\"wp-block-post-excerpt__excerpt\">Ma voi alle moto che gli fate? Leggendo in internet mi sorge la domanda.. Colori sbiaditi, marmitte opacizzate, e danni che io sulla mia o mie non ho mai visto [&hellip;] <\/p><\/div>\n\n<figure class=\"wp-block-post-featured-image\"><img loading=\"lazy\" decoding=\"async\" width=\"1200\" height=\"630\" src=\"https:\/\/aquileingiro.net\/wp-content\/uploads\/2026\/02\/FAIDATE.png\" class=\"attachment-post-thumbnail size-post-thumbnail wp-post-image\" alt=\"Vignetta uomo che pulisce una Moto Guzzi V85TT con un lanciafiamme.\" style=\"object-fit:cover;\" srcset=\"https:\/\/aquileingiro.net\/wp-content\/uploads\/2026\/02\/FAIDATE.png 1200w, https:\/\/aquileingiro.net\/wp-content\/uploads\/2026\/02\/FAIDATE-300x158.png 300w, https:\/\/aquileingiro.net\/wp-content\/uploads\/2026\/02\/FAIDATE-1024x538.png 1024w, https:\/\/aquileingiro.net\/wp-content\/uploads\/2026\/02\/FAIDATE-768x403.png 768w\" sizes=\"auto, (max-width: 1200px) 100vw, 1200px\" \/><\/figure><\/div>\n\n<\/li><li class=\"wp-block-post post-5218 post type-post status-publish format-standard has-post-thumbnail hentry category-blog tag-concorrenza-sleale tag-dumping tag-finanziamenti-partico-comunista tag-kove tag-motocinesi tag-zhang-xue\">\n\n<div class=\"wp-block-group has-global-padding is-layout-constrained wp-container-core-group-is-layout-e5c0cd5e wp-block-group-is-layout-constrained advgb-dyn-a6322049 advgb-dyn-e1c06d85\" style=\"padding-top:30px;padding-right:30px;padding-bottom:30px;padding-left:30px\"><h2 class=\"wp-block-post-title\"><a href=\"https:\/\/aquileingiro.net\/?p=5218\" target=\"_self\" >Quello che le riviste non dicono.<\/a><\/h2>\n\n<div class=\"wp-block-post-excerpt\"><p class=\"wp-block-post-excerpt__excerpt\">Ebbene si : Quello che le riviste non dicono.Che dovrebbero ma si guardano bene dal fare. Indagare e capire.Pazzesco no ? Il giornalismo specializzato (moto e auto) oggi non \u00e8 [&hellip;] <\/p><\/div>\n\n<figure class=\"wp-block-post-featured-image\"><img loading=\"lazy\" decoding=\"async\" width=\"1200\" height=\"630\" src=\"https:\/\/aquileingiro.net\/wp-content\/uploads\/2026\/02\/gionalistioschiavetti.png\" class=\"attachment-post-thumbnail size-post-thumbnail wp-post-image\" alt=\"Vignetta satirica digitale intitolata &quot;Il Pilota Telecomandato&quot;. Al centro, un pilota di moto con le fattezze di Super Mario (satira su Zhang Xue, fondatore di Kove) indossa una tuta verde e gialla con loghi &quot;KOVE&quot; e &quot;Made in China&quot;. Il pilota sorride dicendo &quot;Mamma Mia! Che passione!&quot;, mentre un cavo rosso esce dalla sua testa ed \u00e8 collegato a un telecomando rosso con il simbolo della falce e martello, azionato da una mano esterna. Il telecomando riporta la scritta &quot;Global Market Share. Phase 3&quot;. Sullo sfondo, una fabbrica automatizzata cinese con bandiera della Cina e un ritratto di Mao Zedong. In primo piano una moto sportiva bianca e rossa.\" style=\"object-fit:cover;\" srcset=\"https:\/\/aquileingiro.net\/wp-content\/uploads\/2026\/02\/gionalistioschiavetti.png 1200w, https:\/\/aquileingiro.net\/wp-content\/uploads\/2026\/02\/gionalistioschiavetti-300x158.png 300w, https:\/\/aquileingiro.net\/wp-content\/uploads\/2026\/02\/gionalistioschiavetti-1024x538.png 1024w, https:\/\/aquileingiro.net\/wp-content\/uploads\/2026\/02\/gionalistioschiavetti-768x403.png 768w\" sizes=\"auto, (max-width: 1200px) 100vw, 1200px\" \/><\/figure><\/div>\n\n<\/li><li class=\"wp-block-post post-5193 post type-post status-publish format-standard has-post-thumbnail hentry category-blog tag-costo-motoraduno-guzzi tag-eventi-motociclistici-italia tag-motoraduno-guzzi-pisa tag-prezzo-iscrizione-motoraduno tag-raduni-moto-guzzi\">\n\n<div class=\"wp-block-group has-global-padding is-layout-constrained wp-container-core-group-is-layout-e5c0cd5e wp-block-group-is-layout-constrained advgb-dyn-a6322049 advgb-dyn-e1c06d85\" style=\"padding-top:30px;padding-right:30px;padding-bottom:30px;padding-left:30px\"><h2 class=\"wp-block-post-title\"><a href=\"https:\/\/aquileingiro.net\/?p=5193\" target=\"_self\" >Motoraduno Guzzi di Pisa: 210 euro in due, prezzo giusto o un po\u2019 premium?<\/a><\/h2>\n\n<div class=\"wp-block-post-excerpt\"><p class=\"wp-block-post-excerpt__excerpt\">Partecipare in due al motoraduno Guzzi di Pisa, tra iscrizioni, cene, gadget e spese varie, significa arrivare facilmente a circa 210 euro complessivi. Che per carit\u00e0&#8230;uno se ne ha li [&hellip;] <\/p><\/div>\n\n<figure class=\"wp-block-post-featured-image\"><img loading=\"lazy\" decoding=\"async\" width=\"1024\" height=\"1024\" src=\"https:\/\/aquileingiro.net\/wp-content\/uploads\/2026\/02\/Motoraduno-Guzzi-di-Pisa210-euro-in-dueprezzo-giusto.png\" class=\"attachment-post-thumbnail size-post-thumbnail wp-post-image\" alt=\"vignetta di guzzisti squattrinati al distributore con lo sfondo della citt\u00e0 di pisa\" style=\"object-fit:cover;\" srcset=\"https:\/\/aquileingiro.net\/wp-content\/uploads\/2026\/02\/Motoraduno-Guzzi-di-Pisa210-euro-in-dueprezzo-giusto.png 1024w, https:\/\/aquileingiro.net\/wp-content\/uploads\/2026\/02\/Motoraduno-Guzzi-di-Pisa210-euro-in-dueprezzo-giusto-300x300.png 300w, https:\/\/aquileingiro.net\/wp-content\/uploads\/2026\/02\/Motoraduno-Guzzi-di-Pisa210-euro-in-dueprezzo-giusto-150x150.png 150w, https:\/\/aquileingiro.net\/wp-content\/uploads\/2026\/02\/Motoraduno-Guzzi-di-Pisa210-euro-in-dueprezzo-giusto-768x768.png 768w\" sizes=\"auto, (max-width: 1024px) 100vw, 1024px\" \/><\/figure><\/div>\n\n<\/li><\/ul><\/div>\n<\/div>\n<\/div>\n","protected":false},"excerpt":{"rendered":"","protected":false},"author":1,"featured_media":3587,"parent":0,"menu_order":0,"comment_status":"closed","ping_status":"closed","template":"","meta":{"_eb_attr":"","advgb_blocks_editor_width":"","advgb_blocks_columns_visual_guide":"","_monsterinsights_skip_tracking":false,"_monsterinsights_sitenote_active":false,"_monsterinsights_sitenote_note":"","_monsterinsights_sitenote_category":0,"_uf_show_specific_survey":0,"_uf_disable_surveys":false,"_EventAllDay":false,"_EventTimezone":"","_EventStartDate":"","_EventEndDate":"","_EventStartDateUTC":"","_EventEndDateUTC":"","_EventShowMap":false,"_EventShowMapLink":false,"_EventURL":"","_EventCost":"","_EventCostDescription":"","_EventCurrencySymbol":"","_EventCurrencyCode":"","_EventCurrencyPosition":"","_EventDateTimeSeparator":"","_EventTimeRangeSeparator":"","_EventOrganizerID":[],"_EventVenueID":[],"_OrganizerEmail":"","_OrganizerPhone":"","_OrganizerWebsite":"","_VenueAddress":"","_VenueCity":"","_VenueCountry":"","_VenueProvince":"","_VenueState":"","_VenueZip":"","_VenuePhone":"","_VenueURL":"","_VenueStateProvince":"","_VenueLat":"","_VenueLng":"","_VenueShowMap":false,"_VenueShowMapLink":false,"footnotes":""},"class_list":["post-3672","page","type-page","status-publish","has-post-thumbnail","hentry"],"aioseo_notices":[],"coauthors":[],"author_meta":{"author_link":"https:\/\/aquileingiro.net\/?author=1","display_name":"aquileingiro.net"},"relative_dates":{"created":"Pubblicato 6 mesi fa","modified":"Aggiornato 3 mesi fa"},"absolute_dates":{"created":"Pubblicato il 11\/11\/2025","modified":"Aggiornato il 02\/02\/2026"},"absolute_dates_time":{"created":"Pubblicato il 11\/11\/2025 17:37","modified":"Aggiornato il 02\/02\/2026 13:19"},"featured_img_caption":"","featured_img":"https:\/\/aquileingiro.net\/wp-content\/uploads\/2023\/11\/cropped-LogoPNG.png","series_order":"","_links":{"self":[{"href":"https:\/\/aquileingiro.net\/index.php?rest_route=\/wp\/v2\/pages\/3672","targetHints":{"allow":["GET"]}}],"collection":[{"href":"https:\/\/aquileingiro.net\/index.php?rest_route=\/wp\/v2\/pages"}],"about":[{"href":"https:\/\/aquileingiro.net\/index.php?rest_route=\/wp\/v2\/types\/page"}],"author":[{"embeddable":true,"href":"https:\/\/aquileingiro.net\/index.php?rest_route=\/wp\/v2\/users\/1"}],"replies":[{"embeddable":true,"href":"https:\/\/aquileingiro.net\/index.php?rest_route=%2Fwp%2Fv2%2Fcomments&post=3672"}],"version-history":[{"count":8,"href":"https:\/\/aquileingiro.net\/index.php?rest_route=\/wp\/v2\/pages\/3672\/revisions"}],"predecessor-version":[{"id":4919,"href":"https:\/\/aquileingiro.net\/index.php?rest_route=\/wp\/v2\/pages\/3672\/revisions\/4919"}],"wp:featuredmedia":[{"embeddable":true,"href":"https:\/\/aquileingiro.net\/index.php?rest_route=\/wp\/v2\/media\/3587"}],"wp:attachment":[{"href":"https:\/\/aquileingiro.net\/index.php?rest_route=%2Fwp%2Fv2%2Fmedia&parent=3672"}],"curies":[{"name":"wp","href":"https:\/\/api.w.org\/{rel}","templated":true}]}}